{"id":11,"date":"2020-10-19T12:00:03","date_gmt":"2020-10-19T12:00:03","guid":{"rendered":"https:\/\/villadeleyvacalderitas.com\/home\/"},"modified":"2026-04-23T19:23:10","modified_gmt":"2026-04-23T19:23:10","slug":"home","status":"publish","type":"page","link":"https:\/\/villadeleyvacalderitas.com\/en\/","title":{"rendered":"Home"},"content":{"rendered":"\t\t<div data-elementor-type=\"wp-page\" data-elementor-id=\"11\" class=\"elementor elementor-11\">\n\t\t\t\t\t\t<section class=\"elementor-section elementor-top-section elementor-element elementor-element-1f13276 elementor-section-full_width elementor-section-height-default elementor-section-height-default\" data-id=\"1f13276\" data-element_type=\"section\" id=\"home\">\n\t\t\t\t\t\t<div class=\"elementor-container elementor-column-gap-no\">\n\t\t\t\t\t<div class=\"elementor-column elementor-col-100 elementor-top-column elementor-element elementor-element-853c227\" data-id=\"853c227\" data-element_type=\"column\">\n\t\t\t<div class=\"elementor-widget-wrap elementor-element-populated\">\n\t\t\t\t\t\t<div class=\"elementor-element elementor-element-de26149 elementor-widget elementor-widget-video\" data-id=\"de26149\" data-element_type=\"widget\" data-settings=\"{&quot;video_type&quot;:&quot;hosted&quot;,&quot;autoplay&quot;:&quot;yes&quot;,&quot;play_on_mobile&quot;:&quot;yes&quot;,&quot;loop&quot;:&quot;yes&quot;,&quot;_animation&quot;:&quot;none&quot;,&quot;controls&quot;:&quot;yes&quot;}\" data-widget_type=\"video.default\">\n\t\t\t\t<div class=\"elementor-widget-container\">\n\t\t\t\t\t\t\t<div class=\"e-hosted-video elementor-wrapper elementor-open-inline\">\n\t\t\t\t\t<video class=\"elementor-video\" src=\"https:\/\/villadeleyvacalderitas.com\/wp-content\/uploads\/2023\/09\/Video-Corporativo-Villa-de-Leyva-Calderitas.mp4\" autoplay=\"\" loop=\"\" controls=\"\" playsinline=\"\" controlsList=\"nodownload\"><\/video>\n\t\t\t\t<\/div>\n\t\t\t\t\t\t<\/div>\n\t\t\t\t<\/div>\n\t\t\t\t\t<\/div>\n\t\t<\/div>\n\t\t\t\t\t<\/div>\n\t\t<\/section>\n\t\t\t\t<section class=\"elementor-section elementor-top-section elementor-element elementor-element-8f92cc4 elementor-section-boxed elementor-section-height-default elementor-section-height-default\" data-id=\"8f92cc4\" data-element_type=\"section\" id=\"services\" data-settings=\"{&quot;background_background&quot;:&quot;classic&quot;}\">\n\t\t\t\t\t\t<div class=\"elementor-container elementor-column-gap-no\">\n\t\t\t\t\t<div class=\"elementor-column elementor-col-100 elementor-top-column elementor-element elementor-element-8201022\" data-id=\"8201022\" data-element_type=\"column\" data-settings=\"{&quot;background_background&quot;:&quot;classic&quot;}\">\n\t\t\t<div class=\"elementor-widget-wrap elementor-element-populated\">\n\t\t\t\t\t\t<div class=\"elementor-element elementor-element-2330130 elementor-widget elementor-widget-heading\" data-id=\"2330130\" data-element_type=\"widget\" data-widget_type=\"heading.default\">\n\t\t\t\t<div class=\"elementor-widget-container\">\n\t\t\t\t\t<h2 class=\"elementor-heading-title elementor-size-default\">SERVICIOS<\/h2>\t\t\t\t<\/div>\n\t\t\t\t<\/div>\n\t\t\t\t<div class=\"elementor-element elementor-element-53b445f elementor-widget elementor-widget-spacer\" data-id=\"53b445f\" data-element_type=\"widget\" data-widget_type=\"spacer.default\">\n\t\t\t\t<div class=\"elementor-widget-container\">\n\t\t\t\t\t\t\t<div class=\"elementor-spacer\">\n\t\t\t<div class=\"elementor-spacer-inner\"><\/div>\n\t\t<\/div>\n\t\t\t\t\t\t<\/div>\n\t\t\t\t<\/div>\n\t\t\t\t\t<\/div>\n\t\t<\/div>\n\t\t\t\t\t<\/div>\n\t\t<\/section>\n\t\t\t\t<section class=\"elementor-section elementor-top-section elementor-element elementor-element-1c31ca6 elementor-section-boxed elementor-section-height-default elementor-section-height-default\" data-id=\"1c31ca6\" data-element_type=\"section\">\n\t\t\t\t\t\t<div class=\"elementor-container elementor-column-gap-default\">\n\t\t\t\t\t<div class=\"elementor-column elementor-col-100 elementor-top-column elementor-element elementor-element-3e380bb\" data-id=\"3e380bb\" data-element_type=\"column\">\n\t\t\t<div class=\"elementor-widget-wrap elementor-element-populated\">\n\t\t\t\t\t\t<section class=\"elementor-section elementor-inner-section elementor-element elementor-element-dbb07fc elementor-section-boxed elementor-section-height-default elementor-section-height-default\" data-id=\"dbb07fc\" data-element_type=\"section\">\n\t\t\t\t\t\t<div class=\"elementor-container elementor-column-gap-no\">\n\t\t\t\t\t<div class=\"elementor-column elementor-col-33 elementor-inner-column elementor-element elementor-element-2a09f03\" data-id=\"2a09f03\" data-element_type=\"column\">\n\t\t\t<div class=\"elementor-widget-wrap elementor-element-populated\">\n\t\t\t\t\t\t<div class=\"elementor-element elementor-element-cb0a31c elementor-widget elementor-widget-image-gallery\" data-id=\"cb0a31c\" data-element_type=\"widget\" data-widget_type=\"image-gallery.default\">\n\t\t\t\t<div class=\"elementor-widget-container\">\n\t\t\t\t\t\t\t<div class=\"elementor-image-gallery\">\n\t\t\t<div id='gallery-1' class='gallery galleryid-11 gallery-columns-1 gallery-size-2048x2048'><figure class='gallery-item'>\n\t\t\t<div class='gallery-icon landscape'>\n\t\t\t\t<a data-elementor-open-lightbox=\"yes\" data-elementor-lightbox-slideshow=\"cb0a31c\" data-elementor-lightbox-title=\"Instalaciones\" data-e-action-hash=\"#elementor-action%3Aaction%3Dlightbox%26settings%3DeyJpZCI6OTAyLCJ1cmwiOiJodHRwczpcL1wvdmlsbGFkZWxleXZhY2FsZGVyaXRhcy5jb21cL3dwLWNvbnRlbnRcL3VwbG9hZHNcLzIwMjNcLzA5XC9pbnN0YWxhY2lvbmVzLTEuanBnIiwic2xpZGVzaG93IjoiY2IwYTMxYyJ9\" href='https:\/\/villadeleyvacalderitas.com\/wp-content\/uploads\/2023\/09\/instalaciones-1.jpg'><img fetchpriority=\"high\" decoding=\"async\" width=\"1100\" height=\"825\" src=\"https:\/\/villadeleyvacalderitas.com\/wp-content\/uploads\/2023\/09\/instalaciones-1.jpg\" class=\"attachment-2048x2048 size-2048x2048\" alt=\"\" srcset=\"https:\/\/villadeleyvacalderitas.com\/wp-content\/uploads\/2023\/09\/instalaciones-1.jpg 1100w, https:\/\/villadeleyvacalderitas.com\/wp-content\/uploads\/2023\/09\/instalaciones-1-300x225.jpg 300w, https:\/\/villadeleyvacalderitas.com\/wp-content\/uploads\/2023\/09\/instalaciones-1-1024x768.jpg 1024w, https:\/\/villadeleyvacalderitas.com\/wp-content\/uploads\/2023\/09\/instalaciones-1-768x576.jpg 768w\" sizes=\"(max-width: 1100px) 100vw, 1100px\" \/><\/a>\n\t\t\t<\/div><\/figure>\n\t\t<\/div>\n\t\t<\/div>\n\t\t\t\t\t\t<\/div>\n\t\t\t\t<\/div>\n\t\t\t\t<div class=\"elementor-element elementor-element-fe13cdf elementor-widget__width-initial elementor-widget elementor-widget-heading\" data-id=\"fe13cdf\" data-element_type=\"widget\" data-widget_type=\"heading.default\">\n\t\t\t\t<div class=\"elementor-widget-container\">\n\t\t\t\t\t<h5 class=\"elementor-heading-title elementor-size-default\">Instalaciones<\/h5>\t\t\t\t<\/div>\n\t\t\t\t<\/div>\n\t\t\t\t<div class=\"elementor-element elementor-element-9ca0d03 elementor-widget elementor-widget-text-editor\" data-id=\"9ca0d03\" data-element_type=\"widget\" data-widget_type=\"text-editor.default\">\n\t\t\t\t<div class=\"elementor-widget-container\">\n\t\t\t\t\t\t\t\t\t<p style=\"text-align: center;\">Con un amplio jard\u00edn frente al mar. Adem\u00e1s, palapa, ba\u00f1os, piscina y estacionamiento. Los servicios incluidos son: Limpieza, fumigaci\u00f3n e insumos para ba\u00f1os.<\/p>\t\t\t\t\t\t\t\t<\/div>\n\t\t\t\t<\/div>\n\t\t\t\t<div class=\"elementor-element elementor-element-a6b23c3 elementor-widget elementor-widget-image-gallery\" data-id=\"a6b23c3\" data-element_type=\"widget\" data-widget_type=\"image-gallery.default\">\n\t\t\t\t<div class=\"elementor-widget-container\">\n\t\t\t\t\t\t\t<div class=\"elementor-image-gallery\">\n\t\t\t<div id='gallery-2' class='gallery galleryid-11 gallery-columns-1 gallery-size-2048x2048'><figure class='gallery-item'>\n\t\t\t<div class='gallery-icon landscape'>\n\t\t\t\t<a data-elementor-open-lightbox=\"yes\" data-elementor-lightbox-slideshow=\"a6b23c3\" data-elementor-lightbox-title=\"Eventos Corporativos\" data-e-action-hash=\"#elementor-action%3Aaction%3Dlightbox%26settings%3DeyJpZCI6MTU0MCwidXJsIjoiaHR0cHM6XC9cL3ZpbGxhZGVsZXl2YWNhbGRlcml0YXMuY29tXC93cC1jb250ZW50XC91cGxvYWRzXC8yMDI0XC8wNlwvRXZlbnRvcy1Db3Jwb3JhdGl2b3MtdjIuanBnIiwic2xpZGVzaG93IjoiYTZiMjNjMyJ9\" href='https:\/\/villadeleyvacalderitas.com\/wp-content\/uploads\/2024\/06\/Eventos-Corporativos-v2.jpg'><img decoding=\"async\" width=\"1100\" height=\"825\" src=\"https:\/\/villadeleyvacalderitas.com\/wp-content\/uploads\/2024\/06\/Eventos-Corporativos-v2.jpg\" class=\"attachment-2048x2048 size-2048x2048\" alt=\"\" srcset=\"https:\/\/villadeleyvacalderitas.com\/wp-content\/uploads\/2024\/06\/Eventos-Corporativos-v2.jpg 1100w, https:\/\/villadeleyvacalderitas.com\/wp-content\/uploads\/2024\/06\/Eventos-Corporativos-v2-300x225.jpg 300w, https:\/\/villadeleyvacalderitas.com\/wp-content\/uploads\/2024\/06\/Eventos-Corporativos-v2-1024x768.jpg 1024w, https:\/\/villadeleyvacalderitas.com\/wp-content\/uploads\/2024\/06\/Eventos-Corporativos-v2-768x576.jpg 768w, https:\/\/villadeleyvacalderitas.com\/wp-content\/uploads\/2024\/06\/Eventos-Corporativos-v2-16x12.jpg 16w\" sizes=\"(max-width: 1100px) 100vw, 1100px\" \/><\/a>\n\t\t\t<\/div><\/figure>\n\t\t<\/div>\n\t\t<\/div>\n\t\t\t\t\t\t<\/div>\n\t\t\t\t<\/div>\n\t\t\t\t<div class=\"elementor-element elementor-element-ca95327 elementor-widget__width-initial elementor-widget elementor-widget-heading\" data-id=\"ca95327\" data-element_type=\"widget\" data-widget_type=\"heading.default\">\n\t\t\t\t<div class=\"elementor-widget-container\">\n\t\t\t\t\t<h5 class=\"elementor-heading-title elementor-size-default\">Eventos Corporativos<\/h5>\t\t\t\t<\/div>\n\t\t\t\t<\/div>\n\t\t\t\t<div class=\"elementor-element elementor-element-cb927a0 elementor-widget__width-initial elementor-widget elementor-widget-text-editor\" data-id=\"cb927a0\" data-element_type=\"widget\" data-widget_type=\"text-editor.default\">\n\t\t\t\t<div class=\"elementor-widget-container\">\n\t\t\t\t\t\t\t\t\t<div style=\"text-align: center; caret-color: #222222; color: #222222; font-family: Arial, Helvetica, sans-serif;\"><span style=\"color: #079da6; font-family: 'Open Sans', sans-serif; text-align: center;\">Nuestros amplios espacios nos permiten albergar a m\u00e1s de 200 personas y con amplio horario de funcionamiento. \u00a0<\/span><\/div>\t\t\t\t\t\t\t\t<\/div>\n\t\t\t\t<\/div>\n\t\t\t\t\t<\/div>\n\t\t<\/div>\n\t\t\t\t<div class=\"elementor-column elementor-col-33 elementor-inner-column elementor-element elementor-element-02e3ec7\" data-id=\"02e3ec7\" data-element_type=\"column\">\n\t\t\t<div class=\"elementor-widget-wrap elementor-element-populated\">\n\t\t\t\t\t\t<div class=\"elementor-element elementor-element-82b008d elementor-widget elementor-widget-image-gallery\" data-id=\"82b008d\" data-element_type=\"widget\" data-widget_type=\"image-gallery.default\">\n\t\t\t\t<div class=\"elementor-widget-container\">\n\t\t\t\t\t\t\t<div class=\"elementor-image-gallery\">\n\t\t\t<div id='gallery-3' class='gallery galleryid-11 gallery-columns-1 gallery-size-2048x2048'><figure class='gallery-item'>\n\t\t\t<div class='gallery-icon landscape'>\n\t\t\t\t<a data-elementor-open-lightbox=\"yes\" data-elementor-lightbox-slideshow=\"82b008d\" data-elementor-lightbox-title=\"Moviliario - Villa de Leyva\" data-e-action-hash=\"#elementor-action%3Aaction%3Dlightbox%26settings%3DeyJpZCI6MTUyOSwidXJsIjoiaHR0cHM6XC9cL3ZpbGxhZGVsZXl2YWNhbGRlcml0YXMuY29tXC93cC1jb250ZW50XC91cGxvYWRzXC8yMDI0XC8wNlwvbW9iaWxpYXJpby12Mi5qcGciLCJzbGlkZXNob3ciOiI4MmIwMDhkIn0%3D\" href='https:\/\/villadeleyvacalderitas.com\/wp-content\/uploads\/2024\/06\/mobiliario-v2.jpg'><img decoding=\"async\" width=\"1100\" height=\"825\" src=\"https:\/\/villadeleyvacalderitas.com\/wp-content\/uploads\/2024\/06\/mobiliario-v2.jpg\" class=\"attachment-2048x2048 size-2048x2048\" alt=\"\" srcset=\"https:\/\/villadeleyvacalderitas.com\/wp-content\/uploads\/2024\/06\/mobiliario-v2.jpg 1100w, https:\/\/villadeleyvacalderitas.com\/wp-content\/uploads\/2024\/06\/mobiliario-v2-300x225.jpg 300w, https:\/\/villadeleyvacalderitas.com\/wp-content\/uploads\/2024\/06\/mobiliario-v2-1024x768.jpg 1024w, https:\/\/villadeleyvacalderitas.com\/wp-content\/uploads\/2024\/06\/mobiliario-v2-768x576.jpg 768w, https:\/\/villadeleyvacalderitas.com\/wp-content\/uploads\/2024\/06\/mobiliario-v2-16x12.jpg 16w\" sizes=\"(max-width: 1100px) 100vw, 1100px\" \/><\/a>\n\t\t\t<\/div><\/figure>\n\t\t<\/div>\n\t\t<\/div>\n\t\t\t\t\t\t<\/div>\n\t\t\t\t<\/div>\n\t\t\t\t<div class=\"elementor-element elementor-element-8a828c2 elementor-widget__width-initial elementor-widget elementor-widget-heading\" data-id=\"8a828c2\" data-element_type=\"widget\" data-widget_type=\"heading.default\">\n\t\t\t\t<div class=\"elementor-widget-container\">\n\t\t\t\t\t<h5 class=\"elementor-heading-title elementor-size-default\">Mobiliario<\/h5>\t\t\t\t<\/div>\n\t\t\t\t<\/div>\n\t\t\t\t<div class=\"elementor-element elementor-element-dfc4039 elementor-widget elementor-widget-text-editor\" data-id=\"dfc4039\" data-element_type=\"widget\" data-widget_type=\"text-editor.default\">\n\t\t\t\t<div class=\"elementor-widget-container\">\n\t\t\t\t\t\t\t\t\t<p style=\"text-align: center;\">Contamos con mesas de madera para 10 personas, sillas crossback, aro met\u00e1lico y mesitas para ambientar\u00a0<span style=\"font-style: inherit; color: var(--ast-global-color-3);\">los espacios que ustedes deseen.<\/span><\/p>\t\t\t\t\t\t\t\t<\/div>\n\t\t\t\t<\/div>\n\t\t\t\t<div class=\"elementor-element elementor-element-c6c649a elementor-widget elementor-widget-image-gallery\" data-id=\"c6c649a\" data-element_type=\"widget\" data-widget_type=\"image-gallery.default\">\n\t\t\t\t<div class=\"elementor-widget-container\">\n\t\t\t\t\t\t\t<div class=\"elementor-image-gallery\">\n\t\t\t<div id='gallery-4' class='gallery galleryid-11 gallery-columns-1 gallery-size-2048x2048'><figure class='gallery-item'>\n\t\t\t<div class='gallery-icon landscape'>\n\t\t\t\t<a data-elementor-open-lightbox=\"yes\" data-elementor-lightbox-slideshow=\"c6c649a\" data-elementor-lightbox-title=\"Sesiones de Fotos\" data-e-action-hash=\"#elementor-action%3Aaction%3Dlightbox%26settings%3DeyJpZCI6MTU0NCwidXJsIjoiaHR0cHM6XC9cL3ZpbGxhZGVsZXl2YWNhbGRlcml0YXMuY29tXC93cC1jb250ZW50XC91cGxvYWRzXC8yMDI0XC8wNlwvU2VzaW9uZXMtZGUtZm90b3MtdjIuanBnIiwic2xpZGVzaG93IjoiYzZjNjQ5YSJ9\" href='https:\/\/villadeleyvacalderitas.com\/wp-content\/uploads\/2024\/06\/Sesiones-de-fotos-v2.jpg'><img loading=\"lazy\" decoding=\"async\" width=\"1100\" height=\"825\" src=\"https:\/\/villadeleyvacalderitas.com\/wp-content\/uploads\/2024\/06\/Sesiones-de-fotos-v2.jpg\" class=\"attachment-2048x2048 size-2048x2048\" alt=\"\" srcset=\"https:\/\/villadeleyvacalderitas.com\/wp-content\/uploads\/2024\/06\/Sesiones-de-fotos-v2.jpg 1100w, https:\/\/villadeleyvacalderitas.com\/wp-content\/uploads\/2024\/06\/Sesiones-de-fotos-v2-300x225.jpg 300w, https:\/\/villadeleyvacalderitas.com\/wp-content\/uploads\/2024\/06\/Sesiones-de-fotos-v2-1024x768.jpg 1024w, https:\/\/villadeleyvacalderitas.com\/wp-content\/uploads\/2024\/06\/Sesiones-de-fotos-v2-768x576.jpg 768w, https:\/\/villadeleyvacalderitas.com\/wp-content\/uploads\/2024\/06\/Sesiones-de-fotos-v2-16x12.jpg 16w\" sizes=\"(max-width: 1100px) 100vw, 1100px\" \/><\/a>\n\t\t\t<\/div><\/figure>\n\t\t<\/div>\n\t\t<\/div>\n\t\t\t\t\t\t<\/div>\n\t\t\t\t<\/div>\n\t\t\t\t<div class=\"elementor-element elementor-element-d0180b1 elementor-widget__width-initial elementor-widget elementor-widget-heading\" data-id=\"d0180b1\" data-element_type=\"widget\" data-widget_type=\"heading.default\">\n\t\t\t\t<div class=\"elementor-widget-container\">\n\t\t\t\t\t<h5 class=\"elementor-heading-title elementor-size-default\">Sesiones de Fotos<\/h5>\t\t\t\t<\/div>\n\t\t\t\t<\/div>\n\t\t\t\t<div class=\"elementor-element elementor-element-b76858f elementor-widget elementor-widget-text-editor\" data-id=\"b76858f\" data-element_type=\"widget\" data-widget_type=\"text-editor.default\">\n\t\t\t\t<div class=\"elementor-widget-container\">\n\t\t\t\t\t\t\t\t\t<div style=\"text-align: center; caret-color: #222222; color: #222222; font-family: Arial, Helvetica, sans-serif;\"><span style=\"color: #079da6; font-family: 'Open Sans', sans-serif; text-align: center;\">Villa de Leyva Calderitas cuenta con lindos espacios para una pedida de mano, fotos familiares, de pareja, de quincea\u00f1eras, de infantiles y m\u00e1s. &nbsp;<\/span><\/div>\t\t\t\t\t\t\t\t<\/div>\n\t\t\t\t<\/div>\n\t\t\t\t\t<\/div>\n\t\t<\/div>\n\t\t\t\t<div class=\"elementor-column elementor-col-33 elementor-inner-column elementor-element elementor-element-9719b08\" data-id=\"9719b08\" data-element_type=\"column\">\n\t\t\t<div class=\"elementor-widget-wrap elementor-element-populated\">\n\t\t\t\t\t\t<div class=\"elementor-element elementor-element-05019ef elementor-widget elementor-widget-image-gallery\" data-id=\"05019ef\" data-element_type=\"widget\" data-widget_type=\"image-gallery.default\">\n\t\t\t\t<div class=\"elementor-widget-container\">\n\t\t\t\t\t\t\t<div class=\"elementor-image-gallery\">\n\t\t\t<div id='gallery-5' class='gallery galleryid-11 gallery-columns-1 gallery-size-2048x2048'><figure class='gallery-item'>\n\t\t\t<div class='gallery-icon landscape'>\n\t\t\t\t<a data-elementor-open-lightbox=\"yes\" data-elementor-lightbox-slideshow=\"05019ef\" data-elementor-lightbox-title=\"Alojamiento - Villa de Leyva\" data-e-action-hash=\"#elementor-action%3Aaction%3Dlightbox%26settings%3DeyJpZCI6MTUyNSwidXJsIjoiaHR0cHM6XC9cL3ZpbGxhZGVsZXl2YWNhbGRlcml0YXMuY29tXC93cC1jb250ZW50XC91cGxvYWRzXC8yMDI0XC8wNlwvYWxvamFtaWVudG8yLTEuanBnIiwic2xpZGVzaG93IjoiMDUwMTllZiJ9\" href='https:\/\/villadeleyvacalderitas.com\/wp-content\/uploads\/2024\/06\/alojamiento2-1.jpg'><img loading=\"lazy\" decoding=\"async\" width=\"1100\" height=\"825\" src=\"https:\/\/villadeleyvacalderitas.com\/wp-content\/uploads\/2024\/06\/alojamiento2-1.jpg\" class=\"attachment-2048x2048 size-2048x2048\" alt=\"\" srcset=\"https:\/\/villadeleyvacalderitas.com\/wp-content\/uploads\/2024\/06\/alojamiento2-1.jpg 1100w, https:\/\/villadeleyvacalderitas.com\/wp-content\/uploads\/2024\/06\/alojamiento2-1-300x225.jpg 300w, https:\/\/villadeleyvacalderitas.com\/wp-content\/uploads\/2024\/06\/alojamiento2-1-1024x768.jpg 1024w, https:\/\/villadeleyvacalderitas.com\/wp-content\/uploads\/2024\/06\/alojamiento2-1-768x576.jpg 768w, https:\/\/villadeleyvacalderitas.com\/wp-content\/uploads\/2024\/06\/alojamiento2-1-16x12.jpg 16w\" sizes=\"(max-width: 1100px) 100vw, 1100px\" \/><\/a>\n\t\t\t<\/div><\/figure>\n\t\t<\/div>\n\t\t<\/div>\n\t\t\t\t\t\t<\/div>\n\t\t\t\t<\/div>\n\t\t\t\t<div class=\"elementor-element elementor-element-1d0b8e9 elementor-widget__width-initial elementor-widget elementor-widget-heading\" data-id=\"1d0b8e9\" data-element_type=\"widget\" data-widget_type=\"heading.default\">\n\t\t\t\t<div class=\"elementor-widget-container\">\n\t\t\t\t\t<h5 class=\"elementor-heading-title elementor-size-default\">Alojamiento<\/h5>\t\t\t\t<\/div>\n\t\t\t\t<\/div>\n\t\t\t\t<div class=\"elementor-element elementor-element-75d04f9 elementor-widget elementor-widget-text-editor\" data-id=\"75d04f9\" data-element_type=\"widget\" data-widget_type=\"text-editor.default\">\n\t\t\t\t<div class=\"elementor-widget-container\">\n\t\t\t\t\t\t\t\t\t<div style=\"caret-color: #222222; color: #222222; font-family: Arial, Helvetica, sans-serif; text-align: center;\"><span style=\"color: #079da6; font-family: 'Open Sans', sans-serif; text-align: center;\">Tenemos a su dispocisi\u00f3n una 01 caba\u00f1a con jacuzzi y 02 bungalows en perfectas condiciones para su estancia.<\/span><\/div>\t\t\t\t\t\t\t\t<\/div>\n\t\t\t\t<\/div>\n\t\t\t\t<div class=\"elementor-element elementor-element-42fb8d1 elementor-widget elementor-widget-image-gallery\" data-id=\"42fb8d1\" data-element_type=\"widget\" data-widget_type=\"image-gallery.default\">\n\t\t\t\t<div class=\"elementor-widget-container\">\n\t\t\t\t\t\t\t<div class=\"elementor-image-gallery\">\n\t\t\t<div id='gallery-6' class='gallery galleryid-11 gallery-columns-1 gallery-size-2048x2048'><figure class='gallery-item'>\n\t\t\t<div class='gallery-icon landscape'>\n\t\t\t\t<a data-elementor-open-lightbox=\"yes\" data-elementor-lightbox-slideshow=\"42fb8d1\" data-elementor-lightbox-title=\"Organizaci\u00f3n de Eventos\" data-e-action-hash=\"#elementor-action%3Aaction%3Dlightbox%26settings%3DeyJpZCI6MTUzNiwidXJsIjoiaHR0cHM6XC9cL3ZpbGxhZGVsZXl2YWNhbGRlcml0YXMuY29tXC93cC1jb250ZW50XC91cGxvYWRzXC8yMDI0XC8wNlwvb3JnYW5pemFjaW9uLWRlLWV2ZW50b3MuanBnIiwic2xpZGVzaG93IjoiNDJmYjhkMSJ9\" href='https:\/\/villadeleyvacalderitas.com\/wp-content\/uploads\/2024\/06\/organizacion-de-eventos.jpg'><img loading=\"lazy\" decoding=\"async\" width=\"1100\" height=\"825\" src=\"https:\/\/villadeleyvacalderitas.com\/wp-content\/uploads\/2024\/06\/organizacion-de-eventos.jpg\" class=\"attachment-2048x2048 size-2048x2048\" alt=\"\" srcset=\"https:\/\/villadeleyvacalderitas.com\/wp-content\/uploads\/2024\/06\/organizacion-de-eventos.jpg 1100w, https:\/\/villadeleyvacalderitas.com\/wp-content\/uploads\/2024\/06\/organizacion-de-eventos-300x225.jpg 300w, https:\/\/villadeleyvacalderitas.com\/wp-content\/uploads\/2024\/06\/organizacion-de-eventos-1024x768.jpg 1024w, https:\/\/villadeleyvacalderitas.com\/wp-content\/uploads\/2024\/06\/organizacion-de-eventos-768x576.jpg 768w, https:\/\/villadeleyvacalderitas.com\/wp-content\/uploads\/2024\/06\/organizacion-de-eventos-16x12.jpg 16w\" sizes=\"(max-width: 1100px) 100vw, 1100px\" \/><\/a>\n\t\t\t<\/div><\/figure>\n\t\t<\/div>\n\t\t<\/div>\n\t\t\t\t\t\t<\/div>\n\t\t\t\t<\/div>\n\t\t\t\t<div class=\"elementor-element elementor-element-d2725a6 elementor-widget__width-initial elementor-widget elementor-widget-heading\" data-id=\"d2725a6\" data-element_type=\"widget\" data-widget_type=\"heading.default\">\n\t\t\t\t<div class=\"elementor-widget-container\">\n\t\t\t\t\t<h5 class=\"elementor-heading-title elementor-size-default\">Organizacion de Eventos<\/h5>\t\t\t\t<\/div>\n\t\t\t\t<\/div>\n\t\t\t\t<div class=\"elementor-element elementor-element-eb7b38c elementor-widget elementor-widget-text-editor\" data-id=\"eb7b38c\" data-element_type=\"widget\" data-widget_type=\"text-editor.default\">\n\t\t\t\t<div class=\"elementor-widget-container\">\n\t\t\t\t\t\t\t\t\t<div style=\"caret-color: #222222; color: #222222; font-family: Arial, Helvetica, sans-serif; text-align: center;\"><span style=\"color: #079da6; font-family: 'Open Sans', sans-serif; text-align: center;\">Coordinaci\u00f3n de eventos y proveedores. \u00a0<\/span><\/div>\t\t\t\t\t\t\t\t<\/div>\n\t\t\t\t<\/div>\n\t\t\t\t\t<\/div>\n\t\t<\/div>\n\t\t\t\t\t<\/div>\n\t\t<\/section>\n\t\t\t\t\t<\/div>\n\t\t<\/div>\n\t\t\t\t\t<\/div>\n\t\t<\/section>\n\t\t\t\t<section class=\"elementor-section elementor-top-section elementor-element elementor-element-72d620d elementor-section-boxed elementor-section-height-default elementor-section-height-default\" data-id=\"72d620d\" data-element_type=\"section\" id=\"gallery\" data-settings=\"{&quot;background_background&quot;:&quot;classic&quot;}\">\n\t\t\t\t\t\t<div class=\"elementor-container elementor-column-gap-no\">\n\t\t\t\t\t<div class=\"elementor-column elementor-col-100 elementor-top-column elementor-element elementor-element-70bb009\" data-id=\"70bb009\" data-element_type=\"column\" data-settings=\"{&quot;background_background&quot;:&quot;classic&quot;}\">\n\t\t\t<div class=\"elementor-widget-wrap elementor-element-populated\">\n\t\t\t\t\t\t<div class=\"elementor-element elementor-element-963cd92 elementor-widget elementor-widget-heading\" data-id=\"963cd92\" data-element_type=\"widget\" data-widget_type=\"heading.default\">\n\t\t\t\t<div class=\"elementor-widget-container\">\n\t\t\t\t\t<h2 class=\"elementor-heading-title elementor-size-default\">GALERIA<\/h2>\t\t\t\t<\/div>\n\t\t\t\t<\/div>\n\t\t\t\t\t<\/div>\n\t\t<\/div>\n\t\t\t\t\t<\/div>\n\t\t<\/section>\n\t\t\t\t<section class=\"elementor-section elementor-top-section elementor-element elementor-element-9c6e937 elementor-section-full_width elementor-section-height-default elementor-section-height-default\" data-id=\"9c6e937\" data-element_type=\"section\">\n\t\t\t\t\t\t<div class=\"elementor-container elementor-column-gap-no\">\n\t\t\t\t\t<div class=\"elementor-column elementor-col-100 elementor-top-column elementor-element elementor-element-c52901d\" data-id=\"c52901d\" data-element_type=\"column\">\n\t\t\t<div class=\"elementor-widget-wrap elementor-element-populated\">\n\t\t\t\t\t\t<div class=\"elementor-element elementor-element-80c7e7b elementor-pagination-position-inside elementor-arrows-position-inside elementor-widget elementor-widget-image-carousel\" data-id=\"80c7e7b\" data-element_type=\"widget\" data-settings=\"{&quot;navigation&quot;:&quot;both&quot;,&quot;autoplay&quot;:&quot;yes&quot;,&quot;pause_on_hover&quot;:&quot;yes&quot;,&quot;pause_on_interaction&quot;:&quot;yes&quot;,&quot;autoplay_speed&quot;:5000,&quot;infinite&quot;:&quot;yes&quot;,&quot;speed&quot;:500}\" data-widget_type=\"image-carousel.default\">\n\t\t\t\t<div class=\"elementor-widget-container\">\n\t\t\t\t\t\t\t<div class=\"elementor-image-carousel-wrapper swiper\" role=\"region\" aria-roledescription=\"carousel\" aria-label=\"Image Carousel\" dir=\"ltr\">\n\t\t\t<div class=\"elementor-image-carousel swiper-wrapper\" aria-live=\"off\">\n\t\t\t\t\t\t\t\t<div class=\"swiper-slide\" role=\"group\" aria-roledescription=\"slide\" aria-label=\"1 of 14\"><figure class=\"swiper-slide-inner\"><img decoding=\"async\" class=\"swiper-slide-image\" src=\"https:\/\/villadeleyvacalderitas.com\/wp-content\/uploads\/2023\/09\/Instalaciones-4-768x576.jpg\" alt=\"Piscina - Villa de Leyva\" \/><\/figure><\/div><div class=\"swiper-slide\" role=\"group\" aria-roledescription=\"slide\" aria-label=\"2 of 14\"><figure class=\"swiper-slide-inner\"><img decoding=\"async\" class=\"swiper-slide-image\" src=\"https:\/\/villadeleyvacalderitas.com\/wp-content\/uploads\/2023\/09\/instalaciones-3-768x576.jpg\" alt=\"Instalaciones - Villa de Leyva\" \/><\/figure><\/div><div class=\"swiper-slide\" role=\"group\" aria-roledescription=\"slide\" aria-label=\"3 of 14\"><figure class=\"swiper-slide-inner\"><img decoding=\"async\" class=\"swiper-slide-image\" src=\"https:\/\/villadeleyvacalderitas.com\/wp-content\/uploads\/2024\/06\/Galeria-3-768x576.jpg\" alt=\"Galeria-3\" \/><\/figure><\/div><div class=\"swiper-slide\" role=\"group\" aria-roledescription=\"slide\" aria-label=\"4 of 14\"><figure class=\"swiper-slide-inner\"><img decoding=\"async\" class=\"swiper-slide-image\" src=\"https:\/\/villadeleyvacalderitas.com\/wp-content\/uploads\/2023\/09\/Eventos-1-768x576.jpg\" alt=\"Instalaciones - Villa de Leyva\" \/><\/figure><\/div><div class=\"swiper-slide\" role=\"group\" aria-roledescription=\"slide\" aria-label=\"5 of 14\"><figure class=\"swiper-slide-inner\"><img decoding=\"async\" class=\"swiper-slide-image\" src=\"https:\/\/villadeleyvacalderitas.com\/wp-content\/uploads\/2024\/06\/mobiliario-v3-768x576.jpg\" alt=\"mobiliario-v3\" \/><\/figure><\/div><div class=\"swiper-slide\" role=\"group\" aria-roledescription=\"slide\" aria-label=\"6 of 14\"><figure class=\"swiper-slide-inner\"><img decoding=\"async\" class=\"swiper-slide-image\" src=\"https:\/\/villadeleyvacalderitas.com\/wp-content\/uploads\/2023\/09\/instalaciones-1-1-768x576.jpg\" alt=\"instalaciones Villa de Leyva\" \/><\/figure><\/div><div class=\"swiper-slide\" role=\"group\" aria-roledescription=\"slide\" aria-label=\"7 of 14\"><figure class=\"swiper-slide-inner\"><img decoding=\"async\" class=\"swiper-slide-image\" src=\"https:\/\/villadeleyvacalderitas.com\/wp-content\/uploads\/2023\/09\/instalaciones-2-768x576.jpg\" alt=\"instalaciones Villa de Leyva\" \/><\/figure><\/div><div class=\"swiper-slide\" role=\"group\" aria-roledescription=\"slide\" aria-label=\"8 of 14\"><figure class=\"swiper-slide-inner\"><img decoding=\"async\" class=\"swiper-slide-image\" src=\"https:\/\/villadeleyvacalderitas.com\/wp-content\/uploads\/2024\/06\/Instalaciones-Galeria-768x576.jpg\" alt=\"Instalaciones - Villa de Leyva\" \/><\/figure><\/div><div class=\"swiper-slide\" role=\"group\" aria-roledescription=\"slide\" aria-label=\"9 of 14\"><figure class=\"swiper-slide-inner\"><img decoding=\"async\" class=\"swiper-slide-image\" src=\"https:\/\/villadeleyvacalderitas.com\/wp-content\/uploads\/2023\/09\/Eventos-2-768x576.jpg\" alt=\"Instalaciones de Villa de Leyva\" \/><\/figure><\/div><div class=\"swiper-slide\" role=\"group\" aria-roledescription=\"slide\" aria-label=\"10 of 14\"><figure class=\"swiper-slide-inner\"><img decoding=\"async\" class=\"swiper-slide-image\" src=\"https:\/\/villadeleyvacalderitas.com\/wp-content\/uploads\/2024\/06\/decoracion-galeria-v2-768x576.jpg\" alt=\"Decoraci\u00f3n\" \/><\/figure><\/div><div class=\"swiper-slide\" role=\"group\" aria-roledescription=\"slide\" aria-label=\"11 of 14\"><figure class=\"swiper-slide-inner\"><img decoding=\"async\" class=\"swiper-slide-image\" src=\"https:\/\/villadeleyvacalderitas.com\/wp-content\/uploads\/2023\/09\/Mobiliario-5-768x576.jpg\" alt=\"Mobiliario - Villa de Leyva\" \/><\/figure><\/div><div class=\"swiper-slide\" role=\"group\" aria-roledescription=\"slide\" aria-label=\"12 of 14\"><figure class=\"swiper-slide-inner\"><img decoding=\"async\" class=\"swiper-slide-image\" src=\"https:\/\/villadeleyvacalderitas.com\/wp-content\/uploads\/2023\/09\/Banos-768x576.jpg\" alt=\"Interiores Villa de Leyva Calderitas\" \/><\/figure><\/div><div class=\"swiper-slide\" role=\"group\" aria-roledescription=\"slide\" aria-label=\"13 of 14\"><figure class=\"swiper-slide-inner\"><img decoding=\"async\" class=\"swiper-slide-image\" src=\"https:\/\/villadeleyvacalderitas.com\/wp-content\/uploads\/2024\/06\/Instalaciones-Pista-de-Baile-v2-768x576.jpg\" alt=\"Pista de Baile\" \/><\/figure><\/div><div class=\"swiper-slide\" role=\"group\" aria-roledescription=\"slide\" aria-label=\"14 of 14\"><figure class=\"swiper-slide-inner\"><img decoding=\"async\" class=\"swiper-slide-image\" src=\"https:\/\/villadeleyvacalderitas.com\/wp-content\/uploads\/2023\/09\/mobiliario-7-768x576.jpg\" alt=\"Mobiliario - Villa de Leyva\" \/><\/figure><\/div>\t\t\t<\/div>\n\t\t\t\t\t\t\t\t\t\t\t\t<div class=\"elementor-swiper-button elementor-swiper-button-prev\" role=\"button\" tabindex=\"0\">\n\t\t\t\t\t\t<i aria-hidden=\"true\" class=\"eicon-chevron-left\"><\/i>\t\t\t\t\t<\/div>\n\t\t\t\t\t<div class=\"elementor-swiper-button elementor-swiper-button-next\" role=\"button\" tabindex=\"0\">\n\t\t\t\t\t\t<i aria-hidden=\"true\" class=\"eicon-chevron-right\"><\/i>\t\t\t\t\t<\/div>\n\t\t\t\t\n\t\t\t\t\t\t\t\t\t<div class=\"swiper-pagination\"><\/div>\n\t\t\t\t\t\t\t\t\t<\/div>\n\t\t\t\t\t\t<\/div>\n\t\t\t\t<\/div>\n\t\t\t\t\t<\/div>\n\t\t<\/div>\n\t\t\t\t\t<\/div>\n\t\t<\/section>\n\t\t\t\t<section class=\"elementor-section elementor-top-section elementor-element elementor-element-c3c1caf elementor-section-boxed elementor-section-height-default elementor-section-height-default\" data-id=\"c3c1caf\" data-element_type=\"section\">\n\t\t\t\t\t\t<div class=\"elementor-container elementor-column-gap-default\">\n\t\t\t\t\t<div class=\"elementor-column elementor-col-100 elementor-top-column elementor-element elementor-element-821d9fd\" data-id=\"821d9fd\" data-element_type=\"column\">\n\t\t\t<div class=\"elementor-widget-wrap elementor-element-populated\">\n\t\t\t\t\t\t<div class=\"elementor-element elementor-element-4e1e708 elementor-widget elementor-widget-spacer\" data-id=\"4e1e708\" data-element_type=\"widget\" data-widget_type=\"spacer.default\">\n\t\t\t\t<div class=\"elementor-widget-container\">\n\t\t\t\t\t\t\t<div class=\"elementor-spacer\">\n\t\t\t<div class=\"elementor-spacer-inner\"><\/div>\n\t\t<\/div>\n\t\t\t\t\t\t<\/div>\n\t\t\t\t<\/div>\n\t\t\t\t\t<\/div>\n\t\t<\/div>\n\t\t\t\t\t<\/div>\n\t\t<\/section>\n\t\t\t\t<section class=\"elementor-section elementor-top-section elementor-element elementor-element-6f4c87a elementor-section-full_width elementor-section-height-default elementor-section-height-default\" data-id=\"6f4c87a\" data-element_type=\"section\">\n\t\t\t\t\t\t<div class=\"elementor-container elementor-column-gap-no\">\n\t\t\t\t\t<div class=\"elementor-column elementor-col-100 elementor-top-column elementor-element elementor-element-9b77b7b\" data-id=\"9b77b7b\" data-element_type=\"column\">\n\t\t\t<div class=\"elementor-widget-wrap elementor-element-populated\">\n\t\t\t\t\t\t<section class=\"elementor-section elementor-inner-section elementor-element elementor-element-8752cae elementor-section-full_width elementor-section-height-default elementor-section-height-default\" data-id=\"8752cae\" data-element_type=\"section\">\n\t\t\t\t\t\t<div class=\"elementor-container elementor-column-gap-no\">\n\t\t\t\t\t<div class=\"elementor-column elementor-col-50 elementor-inner-column elementor-element elementor-element-85f1a53\" data-id=\"85f1a53\" data-element_type=\"column\" data-settings=\"{&quot;background_background&quot;:&quot;classic&quot;}\">\n\t\t\t<div class=\"elementor-widget-wrap elementor-element-populated\">\n\t\t\t\t\t<div class=\"elementor-background-overlay\"><\/div>\n\t\t\t\t\t\t\t<\/div>\n\t\t<\/div>\n\t\t\t\t<div class=\"elementor-column elementor-col-25 elementor-inner-column elementor-element elementor-element-38e0ac8\" data-id=\"38e0ac8\" data-element_type=\"column\" data-settings=\"{&quot;background_background&quot;:&quot;classic&quot;}\">\n\t\t\t<div class=\"elementor-widget-wrap elementor-element-populated\">\n\t\t\t\t\t<div class=\"elementor-background-overlay\"><\/div>\n\t\t\t\t\t\t\t<\/div>\n\t\t<\/div>\n\t\t\t\t<div class=\"elementor-column elementor-col-25 elementor-inner-column elementor-element elementor-element-ad7df2f\" data-id=\"ad7df2f\" data-element_type=\"column\" data-settings=\"{&quot;background_background&quot;:&quot;classic&quot;}\">\n\t\t\t<div class=\"elementor-widget-wrap elementor-element-populated\">\n\t\t\t\t\t<div class=\"elementor-background-overlay\"><\/div>\n\t\t\t\t\t\t\t<\/div>\n\t\t<\/div>\n\t\t\t\t\t<\/div>\n\t\t<\/section>\n\t\t\t\t<section class=\"elementor-section elementor-inner-section elementor-element elementor-element-64f1cfd elementor-section-full_width elementor-section-height-default elementor-section-height-default\" data-id=\"64f1cfd\" data-element_type=\"section\">\n\t\t\t\t\t\t<div class=\"elementor-container elementor-column-gap-no\">\n\t\t\t\t\t<div class=\"elementor-column elementor-col-25 elementor-inner-column elementor-element elementor-element-747fe55\" data-id=\"747fe55\" data-element_type=\"column\" data-settings=\"{&quot;background_background&quot;:&quot;classic&quot;}\">\n\t\t\t<div class=\"elementor-widget-wrap elementor-element-populated\">\n\t\t\t\t\t<div class=\"elementor-background-overlay\"><\/div>\n\t\t\t\t\t\t\t<\/div>\n\t\t<\/div>\n\t\t\t\t<div class=\"elementor-column elementor-col-25 elementor-inner-column elementor-element elementor-element-86cbe1a\" data-id=\"86cbe1a\" data-element_type=\"column\" data-settings=\"{&quot;background_background&quot;:&quot;classic&quot;}\">\n\t\t\t<div class=\"elementor-widget-wrap elementor-element-populated\">\n\t\t\t\t\t<div class=\"elementor-background-overlay\"><\/div>\n\t\t\t\t\t\t\t<\/div>\n\t\t<\/div>\n\t\t\t\t<div class=\"elementor-column elementor-col-50 elementor-inner-column elementor-element elementor-element-b727bf6\" data-id=\"b727bf6\" data-element_type=\"column\" data-settings=\"{&quot;background_background&quot;:&quot;classic&quot;}\">\n\t\t\t<div class=\"elementor-widget-wrap elementor-element-populated\">\n\t\t\t\t\t<div class=\"elementor-background-overlay\"><\/div>\n\t\t\t\t\t\t\t<\/div>\n\t\t<\/div>\n\t\t\t\t\t<\/div>\n\t\t<\/section>\n\t\t\t\t\t<\/div>\n\t\t<\/div>\n\t\t\t\t\t<\/div>\n\t\t<\/section>\n\t\t\t\t<section class=\"elementor-section elementor-top-section elementor-element elementor-element-3a21857 elementor-section-boxed elementor-section-height-default elementor-section-height-default\" data-id=\"3a21857\" data-element_type=\"section\" id=\"testimonials\" data-settings=\"{&quot;background_background&quot;:&quot;classic&quot;}\">\n\t\t\t\t\t\t<div class=\"elementor-container elementor-column-gap-no\">\n\t\t\t\t\t<div class=\"elementor-column elementor-col-100 elementor-top-column elementor-element elementor-element-cba9cec\" data-id=\"cba9cec\" data-element_type=\"column\">\n\t\t\t<div class=\"elementor-widget-wrap elementor-element-populated\">\n\t\t\t\t\t\t<div class=\"elementor-element elementor-element-fc767cd elementor-widget elementor-widget-heading\" data-id=\"fc767cd\" data-element_type=\"widget\" data-widget_type=\"heading.default\">\n\t\t\t\t<div class=\"elementor-widget-container\">\n\t\t\t\t\t<h2 class=\"elementor-heading-title elementor-size-default\">Testimonios<\/h2>\t\t\t\t<\/div>\n\t\t\t\t<\/div>\n\t\t\t\t<div class=\"elementor-element elementor-element-d47a0db elementor-widget elementor-widget-text-editor\" data-id=\"d47a0db\" data-element_type=\"widget\" data-widget_type=\"text-editor.default\">\n\t\t\t\t<div class=\"elementor-widget-container\">\n\t\t\t\t\t\t\t\t\t<h5><span style=\"font-weight: normal;\">Gracias a todos ustedes por dejarnos ser parte de sus sue\u00f1os.&nbsp;<\/span><\/h5>\t\t\t\t\t\t\t\t<\/div>\n\t\t\t\t<\/div>\n\t\t\t\t<section class=\"elementor-section elementor-inner-section elementor-element elementor-element-ef3ea30 elementor-section-boxed elementor-section-height-default elementor-section-height-default\" data-id=\"ef3ea30\" data-element_type=\"section\">\n\t\t\t\t\t\t<div class=\"elementor-container elementor-column-gap-no\">\n\t\t\t\t\t<div class=\"elementor-column elementor-col-33 elementor-inner-column elementor-element elementor-element-35a33a1\" data-id=\"35a33a1\" data-element_type=\"column\">\n\t\t\t<div class=\"elementor-widget-wrap elementor-element-populated\">\n\t\t\t\t\t\t<div class=\"elementor-element elementor-element-8b3538a elementor-widget elementor-widget-image\" data-id=\"8b3538a\" data-element_type=\"widget\" data-widget_type=\"image.default\">\n\t\t\t\t<div class=\"elementor-widget-container\">\n\t\t\t\t\t\t\t\t\t\t\t\t\t\t\t<img loading=\"lazy\" decoding=\"async\" width=\"200\" height=\"200\" src=\"https:\/\/villadeleyvacalderitas.com\/wp-content\/uploads\/2023\/09\/JP-4.jpg\" class=\"attachment-full size-full wp-image-1246\" alt=\"\" srcset=\"https:\/\/villadeleyvacalderitas.com\/wp-content\/uploads\/2023\/09\/JP-4.jpg 200w, https:\/\/villadeleyvacalderitas.com\/wp-content\/uploads\/2023\/09\/JP-4-150x150.jpg 150w\" sizes=\"(max-width: 200px) 100vw, 200px\" \/>\t\t\t\t\t\t\t\t\t\t\t\t\t\t\t<\/div>\n\t\t\t\t<\/div>\n\t\t\t\t<div class=\"elementor-element elementor-element-d5e04ad elementor-widget elementor-widget-testimonial\" data-id=\"d5e04ad\" data-element_type=\"widget\" data-widget_type=\"testimonial.default\">\n\t\t\t\t<div class=\"elementor-widget-container\">\n\t\t\t\t\t\t\t<div class=\"elementor-testimonial-wrapper\">\n\t\t\t\t\t\t\t<div class=\"elementor-testimonial-content\">\u201cExcelente lugar para pasar el d\u00eda o pernoctar.\u201d<\/div>\n\t\t\t\n\t\t\t\t\t\t<div class=\"elementor-testimonial-meta\">\n\t\t\t\t<div class=\"elementor-testimonial-meta-inner\">\n\t\t\t\t\t\n\t\t\t\t\t\t\t\t\t\t<div class=\"elementor-testimonial-details\">\n\t\t\t\t\t\t\t\t\t\t\t\t\t\t<div class=\"elementor-testimonial-name\">Javier Perezt<\/div>\n\t\t\t\t\t\t\t\t\t\t\t\t\t\t\t\t\t\t\t<\/div>\n\t\t\t\t\t\t\t\t\t<\/div>\n\t\t\t<\/div>\n\t\t\t\t\t<\/div>\n\t\t\t\t\t\t<\/div>\n\t\t\t\t<\/div>\n\t\t\t\t\t<\/div>\n\t\t<\/div>\n\t\t\t\t<div class=\"elementor-column elementor-col-33 elementor-inner-column elementor-element elementor-element-d0b0c51\" data-id=\"d0b0c51\" data-element_type=\"column\">\n\t\t\t<div class=\"elementor-widget-wrap elementor-element-populated\">\n\t\t\t\t\t\t<div class=\"elementor-element elementor-element-aa2bfe4 elementor-widget elementor-widget-image\" data-id=\"aa2bfe4\" data-element_type=\"widget\" data-widget_type=\"image.default\">\n\t\t\t\t<div class=\"elementor-widget-container\">\n\t\t\t\t\t\t\t\t\t\t\t\t\t\t\t<img loading=\"lazy\" decoding=\"async\" width=\"200\" height=\"200\" src=\"https:\/\/villadeleyvacalderitas.com\/wp-content\/uploads\/2023\/09\/MC2.jpg\" class=\"attachment-full size-full wp-image-1250\" alt=\"\" srcset=\"https:\/\/villadeleyvacalderitas.com\/wp-content\/uploads\/2023\/09\/MC2.jpg 200w, https:\/\/villadeleyvacalderitas.com\/wp-content\/uploads\/2023\/09\/MC2-150x150.jpg 150w\" sizes=\"(max-width: 200px) 100vw, 200px\" \/>\t\t\t\t\t\t\t\t\t\t\t\t\t\t\t<\/div>\n\t\t\t\t<\/div>\n\t\t\t\t<div class=\"elementor-element elementor-element-0d39cae elementor-widget elementor-widget-testimonial\" data-id=\"0d39cae\" data-element_type=\"widget\" data-widget_type=\"testimonial.default\">\n\t\t\t\t<div class=\"elementor-widget-container\">\n\t\t\t\t\t\t\t<div class=\"elementor-testimonial-wrapper\">\n\t\t\t\t\t\t\t<div class=\"elementor-testimonial-content\">Est\u00e1 hermoso este lugar.<\/div>\n\t\t\t\n\t\t\t\t\t\t<div class=\"elementor-testimonial-meta\">\n\t\t\t\t<div class=\"elementor-testimonial-meta-inner\">\n\t\t\t\t\t\n\t\t\t\t\t\t\t\t\t\t<div class=\"elementor-testimonial-details\">\n\t\t\t\t\t\t\t\t\t\t\t\t\t\t<div class=\"elementor-testimonial-name\">Matilde C\u00f3rdova<\/div>\n\t\t\t\t\t\t\t\t\t\t\t\t\t\t\t\t\t\t\t<\/div>\n\t\t\t\t\t\t\t\t\t<\/div>\n\t\t\t<\/div>\n\t\t\t\t\t<\/div>\n\t\t\t\t\t\t<\/div>\n\t\t\t\t<\/div>\n\t\t\t\t\t<\/div>\n\t\t<\/div>\n\t\t\t\t<div class=\"elementor-column elementor-col-33 elementor-inner-column elementor-element elementor-element-65e629a\" data-id=\"65e629a\" data-element_type=\"column\">\n\t\t\t<div class=\"elementor-widget-wrap elementor-element-populated\">\n\t\t\t\t\t\t<div class=\"elementor-element elementor-element-60d1b0d elementor-widget elementor-widget-image\" data-id=\"60d1b0d\" data-element_type=\"widget\" data-widget_type=\"image.default\">\n\t\t\t\t<div class=\"elementor-widget-container\">\n\t\t\t\t\t\t\t\t\t\t\t\t\t\t\t<img loading=\"lazy\" decoding=\"async\" width=\"200\" height=\"200\" src=\"https:\/\/villadeleyvacalderitas.com\/wp-content\/uploads\/2023\/09\/HZ.jpg\" class=\"attachment-full size-full wp-image-1254\" alt=\"\" srcset=\"https:\/\/villadeleyvacalderitas.com\/wp-content\/uploads\/2023\/09\/HZ.jpg 200w, https:\/\/villadeleyvacalderitas.com\/wp-content\/uploads\/2023\/09\/HZ-150x150.jpg 150w\" sizes=\"(max-width: 200px) 100vw, 200px\" \/>\t\t\t\t\t\t\t\t\t\t\t\t\t\t\t<\/div>\n\t\t\t\t<\/div>\n\t\t\t\t<div class=\"elementor-element elementor-element-0eff941 elementor-widget elementor-widget-testimonial\" data-id=\"0eff941\" data-element_type=\"widget\" data-widget_type=\"testimonial.default\">\n\t\t\t\t<div class=\"elementor-widget-container\">\n\t\t\t\t\t\t\t<div class=\"elementor-testimonial-wrapper\">\n\t\t\t\t\t\t\t<div class=\"elementor-testimonial-content\">Muy bonito lugar.\n\n<\/div>\n\t\t\t\n\t\t\t\t\t\t<div class=\"elementor-testimonial-meta\">\n\t\t\t\t<div class=\"elementor-testimonial-meta-inner\">\n\t\t\t\t\t\n\t\t\t\t\t\t\t\t\t\t<div class=\"elementor-testimonial-details\">\n\t\t\t\t\t\t\t\t\t\t\t\t\t\t<div class=\"elementor-testimonial-name\">Henrich Pat Zumarraga<br><\/div>\n\t\t\t\t\t\t\t\t\t\t\t\t\t\t\t\t\t\t\t<\/div>\n\t\t\t\t\t\t\t\t\t<\/div>\n\t\t\t<\/div>\n\t\t\t\t\t<\/div>\n\t\t\t\t\t\t<\/div>\n\t\t\t\t<\/div>\n\t\t\t\t\t<\/div>\n\t\t<\/div>\n\t\t\t\t\t<\/div>\n\t\t<\/section>\n\t\t\t\t<section class=\"elementor-section elementor-inner-section elementor-element elementor-element-1f9b297 elementor-section-boxed elementor-section-height-default elementor-section-height-default\" data-id=\"1f9b297\" data-element_type=\"section\">\n\t\t\t\t\t\t<div class=\"elementor-container elementor-column-gap-no\">\n\t\t\t\t\t<div class=\"elementor-column elementor-col-33 elementor-inner-column elementor-element elementor-element-beab3f5\" data-id=\"beab3f5\" data-element_type=\"column\">\n\t\t\t<div class=\"elementor-widget-wrap elementor-element-populated\">\n\t\t\t\t\t\t<div class=\"elementor-element elementor-element-a7e6ac0 elementor-widget elementor-widget-image\" data-id=\"a7e6ac0\" data-element_type=\"widget\" data-widget_type=\"image.default\">\n\t\t\t\t<div class=\"elementor-widget-container\">\n\t\t\t\t\t\t\t\t\t\t\t\t\t\t\t<img loading=\"lazy\" decoding=\"async\" width=\"200\" height=\"200\" src=\"https:\/\/villadeleyvacalderitas.com\/wp-content\/uploads\/2023\/09\/DC.jpg\" class=\"attachment-full size-full wp-image-1258\" alt=\"\" srcset=\"https:\/\/villadeleyvacalderitas.com\/wp-content\/uploads\/2023\/09\/DC.jpg 200w, https:\/\/villadeleyvacalderitas.com\/wp-content\/uploads\/2023\/09\/DC-150x150.jpg 150w\" sizes=\"(max-width: 200px) 100vw, 200px\" \/>\t\t\t\t\t\t\t\t\t\t\t\t\t\t\t<\/div>\n\t\t\t\t<\/div>\n\t\t\t\t<div class=\"elementor-element elementor-element-e39443f elementor-widget elementor-widget-testimonial\" data-id=\"e39443f\" data-element_type=\"widget\" data-widget_type=\"testimonial.default\">\n\t\t\t\t<div class=\"elementor-widget-container\">\n\t\t\t\t\t\t\t<div class=\"elementor-testimonial-wrapper\">\n\t\t\t\t\t\t\t<div class=\"elementor-testimonial-content\">Lugar muy bonito y apto para fiestas familiares.<\/div>\n\t\t\t\n\t\t\t\t\t\t<div class=\"elementor-testimonial-meta\">\n\t\t\t\t<div class=\"elementor-testimonial-meta-inner\">\n\t\t\t\t\t\n\t\t\t\t\t\t\t\t\t\t<div class=\"elementor-testimonial-details\">\n\t\t\t\t\t\t\t\t\t\t\t\t\t\t<div class=\"elementor-testimonial-name\">Demetrio Carranza<\/div>\n\t\t\t\t\t\t\t\t\t\t\t\t\t\t\t\t\t\t\t<\/div>\n\t\t\t\t\t\t\t\t\t<\/div>\n\t\t\t<\/div>\n\t\t\t\t\t<\/div>\n\t\t\t\t\t\t<\/div>\n\t\t\t\t<\/div>\n\t\t\t\t\t<\/div>\n\t\t<\/div>\n\t\t\t\t<div class=\"elementor-column elementor-col-33 elementor-inner-column elementor-element elementor-element-ede14d5\" data-id=\"ede14d5\" data-element_type=\"column\">\n\t\t\t<div class=\"elementor-widget-wrap elementor-element-populated\">\n\t\t\t\t\t\t<div class=\"elementor-element elementor-element-a734d55 elementor-widget elementor-widget-image\" data-id=\"a734d55\" data-element_type=\"widget\" data-widget_type=\"image.default\">\n\t\t\t\t<div class=\"elementor-widget-container\">\n\t\t\t\t\t\t\t\t\t\t\t\t\t\t\t<img loading=\"lazy\" decoding=\"async\" width=\"142\" height=\"142\" src=\"https:\/\/villadeleyvacalderitas.com\/wp-content\/uploads\/2023\/09\/CD.jpg\" class=\"attachment-full size-full wp-image-1262\" alt=\"\" \/>\t\t\t\t\t\t\t\t\t\t\t\t\t\t\t<\/div>\n\t\t\t\t<\/div>\n\t\t\t\t<div class=\"elementor-element elementor-element-c7eb2b1 elementor-widget elementor-widget-testimonial\" data-id=\"c7eb2b1\" data-element_type=\"widget\" data-widget_type=\"testimonial.default\">\n\t\t\t\t<div class=\"elementor-widget-container\">\n\t\t\t\t\t\t\t<div class=\"elementor-testimonial-wrapper\">\n\t\t\t\t\t\t\t<div class=\"elementor-testimonial-content\">Hermoso lugar.<\/div>\n\t\t\t\n\t\t\t\t\t\t<div class=\"elementor-testimonial-meta\">\n\t\t\t\t<div class=\"elementor-testimonial-meta-inner\">\n\t\t\t\t\t\n\t\t\t\t\t\t\t\t\t\t<div class=\"elementor-testimonial-details\">\n\t\t\t\t\t\t\t\t\t\t\t\t\t\t<div class=\"elementor-testimonial-name\">C\u00e9sar David P\u00e9rez Luna<\/div>\n\t\t\t\t\t\t\t\t\t\t\t\t\t\t\t\t\t\t\t<\/div>\n\t\t\t\t\t\t\t\t\t<\/div>\n\t\t\t<\/div>\n\t\t\t\t\t<\/div>\n\t\t\t\t\t\t<\/div>\n\t\t\t\t<\/div>\n\t\t\t\t\t<\/div>\n\t\t<\/div>\n\t\t\t\t<div class=\"elementor-column elementor-col-33 elementor-inner-column elementor-element elementor-element-10c044b\" data-id=\"10c044b\" data-element_type=\"column\">\n\t\t\t<div class=\"elementor-widget-wrap elementor-element-populated\">\n\t\t\t\t\t\t<div class=\"elementor-element elementor-element-ee9e417 elementor-widget elementor-widget-image\" data-id=\"ee9e417\" data-element_type=\"widget\" data-widget_type=\"image.default\">\n\t\t\t\t<div class=\"elementor-widget-container\">\n\t\t\t\t\t\t\t\t\t\t\t\t\t\t\t<img loading=\"lazy\" decoding=\"async\" width=\"142\" height=\"142\" src=\"https:\/\/villadeleyvacalderitas.com\/wp-content\/uploads\/2023\/09\/LR.jpg\" class=\"attachment-full size-full wp-image-1266\" alt=\"\" \/>\t\t\t\t\t\t\t\t\t\t\t\t\t\t\t<\/div>\n\t\t\t\t<\/div>\n\t\t\t\t<div class=\"elementor-element elementor-element-384a9d8 elementor-widget elementor-widget-testimonial\" data-id=\"384a9d8\" data-element_type=\"widget\" data-widget_type=\"testimonial.default\">\n\t\t\t\t<div class=\"elementor-widget-container\">\n\t\t\t\t\t\t\t<div class=\"elementor-testimonial-wrapper\">\n\t\t\t\t\t\t\t<div class=\"elementor-testimonial-content\">Muy bonito lugar y tranquilo.<\/div>\n\t\t\t\n\t\t\t\t\t\t<div class=\"elementor-testimonial-meta\">\n\t\t\t\t<div class=\"elementor-testimonial-meta-inner\">\n\t\t\t\t\t\n\t\t\t\t\t\t\t\t\t\t<div class=\"elementor-testimonial-details\">\n\t\t\t\t\t\t\t\t\t\t\t\t\t\t<div class=\"elementor-testimonial-name\">Luis Enrique Ruiz Martinez <\/div>\n\t\t\t\t\t\t\t\t\t\t\t\t\t\t\t\t\t\t\t<\/div>\n\t\t\t\t\t\t\t\t\t<\/div>\n\t\t\t<\/div>\n\t\t\t\t\t<\/div>\n\t\t\t\t\t\t<\/div>\n\t\t\t\t<\/div>\n\t\t\t\t\t<\/div>\n\t\t<\/div>\n\t\t\t\t\t<\/div>\n\t\t<\/section>\n\t\t\t\t\t<\/div>\n\t\t<\/div>\n\t\t\t\t\t<\/div>\n\t\t<\/section>\n\t\t\t\t<section class=\"elementor-section elementor-top-section elementor-element elementor-element-99eb97b elementor-section-boxed elementor-section-height-default elementor-section-height-default\" data-id=\"99eb97b\" data-element_type=\"section\" id=\"aboutus\">\n\t\t\t\t\t\t<div class=\"elementor-container elementor-column-gap-no\">\n\t\t\t\t\t<div class=\"elementor-column elementor-col-50 elementor-top-column elementor-element elementor-element-58ba980\" data-id=\"58ba980\" data-element_type=\"column\">\n\t\t\t<div class=\"elementor-widget-wrap elementor-element-populated\">\n\t\t\t\t\t\t<div class=\"elementor-element elementor-element-8e67c29 elementor-widget elementor-widget-spacer\" data-id=\"8e67c29\" data-element_type=\"widget\" data-widget_type=\"spacer.default\">\n\t\t\t\t<div class=\"elementor-widget-container\">\n\t\t\t\t\t\t\t<div class=\"elementor-spacer\">\n\t\t\t<div class=\"elementor-spacer-inner\"><\/div>\n\t\t<\/div>\n\t\t\t\t\t\t<\/div>\n\t\t\t\t<\/div>\n\t\t\t\t<div class=\"elementor-element elementor-element-e20f106 elementor-widget elementor-widget-heading\" data-id=\"e20f106\" data-element_type=\"widget\" data-widget_type=\"heading.default\">\n\t\t\t\t<div class=\"elementor-widget-container\">\n\t\t\t\t\t<h2 class=\"elementor-heading-title elementor-size-default\">Nosotros<\/h2>\t\t\t\t<\/div>\n\t\t\t\t<\/div>\n\t\t\t\t<div class=\"elementor-element elementor-element-60a1f41 elementor-widget elementor-widget-heading\" data-id=\"60a1f41\" data-element_type=\"widget\" data-widget_type=\"heading.default\">\n\t\t\t\t<div class=\"elementor-widget-container\">\n\t\t\t\t\t<div class=\"elementor-heading-title elementor-size-default\">Villa de Leyva Calderitas es  un m\u00e1gico lugar<\/div>\t\t\t\t<\/div>\n\t\t\t\t<\/div>\n\t\t\t\t<div class=\"elementor-element elementor-element-1957253 elementor-widget elementor-widget-text-editor\" data-id=\"1957253\" data-element_type=\"widget\" data-widget_type=\"text-editor.default\">\n\t\t\t\t<div class=\"elementor-widget-container\">\n\t\t\t\t\t\t\t\t\t<p style=\"font-weight: 400; text-align: center;\">que logra mostrar un incre\u00edble paisaje al borde del mar. Con un cielo que contrasta una variedad de colores al transcurrir los minutos del atardecer, ya que muestra unos colores espectaculares reflejados en el mar para conmemorar un momento inolvidable para ti y tus seres queridos.<\/p><p style=\"font-weight: 400; text-align: center;\">Disfrutaras una velada m\u00e1gica, elegante, organizadas y sobre todo llena de muchos recuerdos memorables.<\/p>\t\t\t\t\t\t\t\t<\/div>\n\t\t\t\t<\/div>\n\t\t\t\t\t<\/div>\n\t\t<\/div>\n\t\t\t\t<div class=\"elementor-column elementor-col-50 elementor-top-column elementor-element elementor-element-09a8539\" data-id=\"09a8539\" data-element_type=\"column\">\n\t\t\t<div class=\"elementor-widget-wrap elementor-element-populated\">\n\t\t\t\t\t\t<div class=\"elementor-element elementor-element-b49ceac elementor-widget elementor-widget-image\" data-id=\"b49ceac\" data-element_type=\"widget\" data-widget_type=\"image.default\">\n\t\t\t\t<div class=\"elementor-widget-container\">\n\t\t\t\t\t\t\t\t\t\t\t\t\t\t\t<img loading=\"lazy\" decoding=\"async\" width=\"900\" height=\"900\" src=\"https:\/\/villadeleyvacalderitas.com\/wp-content\/uploads\/2024\/06\/nosotros-v2.jpg\" class=\"attachment-full size-full wp-image-1548\" alt=\"\" srcset=\"https:\/\/villadeleyvacalderitas.com\/wp-content\/uploads\/2024\/06\/nosotros-v2.jpg 900w, https:\/\/villadeleyvacalderitas.com\/wp-content\/uploads\/2024\/06\/nosotros-v2-300x300.jpg 300w, https:\/\/villadeleyvacalderitas.com\/wp-content\/uploads\/2024\/06\/nosotros-v2-150x150.jpg 150w, https:\/\/villadeleyvacalderitas.com\/wp-content\/uploads\/2024\/06\/nosotros-v2-768x768.jpg 768w, https:\/\/villadeleyvacalderitas.com\/wp-content\/uploads\/2024\/06\/nosotros-v2-12x12.jpg 12w\" sizes=\"(max-width: 900px) 100vw, 900px\" \/>\t\t\t\t\t\t\t\t\t\t\t\t\t\t\t<\/div>\n\t\t\t\t<\/div>\n\t\t\t\t\t<\/div>\n\t\t<\/div>\n\t\t\t\t\t<\/div>\n\t\t<\/section>\n\t\t\t\t<section class=\"elementor-section elementor-top-section elementor-element elementor-element-a687618 elementor-section-boxed elementor-section-height-default elementor-section-height-default\" data-id=\"a687618\" data-element_type=\"section\" id=\"contactus\">\n\t\t\t\t\t\t\t<div class=\"elementor-background-overlay\"><\/div>\n\t\t\t\t\t\t\t<div class=\"elementor-container elementor-column-gap-no\">\n\t\t\t\t\t<div class=\"elementor-column elementor-col-50 elementor-top-column elementor-element elementor-element-8696ab5\" data-id=\"8696ab5\" data-element_type=\"column\">\n\t\t\t<div class=\"elementor-widget-wrap elementor-element-populated\">\n\t\t\t\t\t\t<div class=\"elementor-element elementor-element-504c9c1 elementor-widget elementor-widget-heading\" data-id=\"504c9c1\" data-element_type=\"widget\" data-widget_type=\"heading.default\">\n\t\t\t\t<div class=\"elementor-widget-container\">\n\t\t\t\t\t<h2 class=\"elementor-heading-title elementor-size-default\">Cont\u00e1ctanos<\/h2>\t\t\t\t<\/div>\n\t\t\t\t<\/div>\n\t\t\t\t<div class=\"elementor-element elementor-element-4a777c1 elementor-widget elementor-widget-wpforms\" data-id=\"4a777c1\" data-element_type=\"widget\" data-widget_type=\"wpforms.default\">\n\t\t\t\t<div class=\"elementor-widget-container\">\n\t\t\t\t\t<div class=\"wpforms-container \" id=\"wpforms-221\"><form id=\"wpforms-form-221\" class=\"wpforms-validate wpforms-form\" data-formid=\"221\" method=\"post\" enctype=\"multipart\/form-data\" action=\"\/en\/wp-json\/wp\/v2\/pages\/11\" data-token=\"719f57de1964135d11e468dcbd45d121\" data-token-time=\"1788254724\"><noscript class=\"wpforms-error-noscript\">Please enable JavaScript in your browser to complete this form.<\/noscript><div class=\"wpforms-field-container\"><div id=\"wpforms-221-field_0-container\" class=\"wpforms-field wpforms-field-name\" data-field-id=\"0\"><label class=\"wpforms-field-label\" for=\"wpforms-221-field_0\">Nombres y apellidos <span class=\"wpforms-required-label\">*<\/span><\/label><input type=\"text\" id=\"wpforms-221-field_0\" class=\"wpforms-field-large wpforms-field-required\" name=\"wpforms[fields][0]\" required><\/div><div id=\"wpforms-221-field_1-container\" class=\"wpforms-field wpforms-field-email\" data-field-id=\"1\"><label class=\"wpforms-field-label\" for=\"wpforms-221-field_1\">Correo <span class=\"wpforms-required-label\">*<\/span><\/label><input type=\"email\" id=\"wpforms-221-field_1\" class=\"wpforms-field-large wpforms-field-required\" name=\"wpforms[fields][1]\" spellcheck=\"false\" required><\/div><div id=\"wpforms-221-field_3-container\" class=\"wpforms-field wpforms-field-text\" data-field-id=\"3\"><label class=\"wpforms-field-label\" for=\"wpforms-221-field_3\">Asunto <span class=\"wpforms-required-label\">*<\/span><\/label><input type=\"text\" id=\"wpforms-221-field_3\" class=\"wpforms-field-large wpforms-field-required\" name=\"wpforms[fields][3]\" required><\/div><div id=\"wpforms-221-field_2-container\" class=\"wpforms-field wpforms-field-textarea\" data-field-id=\"2\"><label class=\"wpforms-field-label\" for=\"wpforms-221-field_2\">Mensaje <span class=\"wpforms-required-label\">*<\/span><\/label><textarea id=\"wpforms-221-field_2\" class=\"wpforms-field-medium wpforms-field-required\" name=\"wpforms[fields][2]\" required><\/textarea><\/div><\/div><!-- .wpforms-field-container --><div class=\"wpforms-submit-container\" ><input type=\"hidden\" name=\"wpforms[id]\" value=\"221\"><input type=\"hidden\" name=\"page_title\" value=\"\"><input type=\"hidden\" name=\"page_url\" value=\"https:\/\/villadeleyvacalderitas.com\/en\/wp-json\/wp\/v2\/pages\/11\"><input type=\"hidden\" name=\"url_referer\" value=\"\"><button type=\"submit\" name=\"wpforms[submit]\" id=\"wpforms-submit-221\" class=\"wpforms-submit\" data-alt-text=\"Enviando...\" data-submit-text=\"Enviar Mensaje\" aria-live=\"assertive\" value=\"wpforms-submit\">Enviar Mensaje<\/button><\/div><\/form><\/div>  <!-- .wpforms-container -->\t\t\t\t<\/div>\n\t\t\t\t<\/div>\n\t\t\t\t\t<\/div>\n\t\t<\/div>\n\t\t\t\t<div class=\"elementor-column elementor-col-50 elementor-top-column elementor-element elementor-element-b61f09b\" data-id=\"b61f09b\" data-element_type=\"column\">\n\t\t\t<div class=\"elementor-widget-wrap elementor-element-populated\">\n\t\t\t\t\t\t<div class=\"elementor-element elementor-element-03e7f7f elementor-widget elementor-widget-google_maps\" data-id=\"03e7f7f\" data-element_type=\"widget\" data-widget_type=\"google_maps.default\">\n\t\t\t\t<div class=\"elementor-widget-container\">\n\t\t\t\t\t\t\t<div class=\"elementor-custom-embed\">\n\t\t\t<iframe loading=\"lazy\"\n\t\t\t\t\tsrc=\"https:\/\/maps.google.com\/maps?q=Carretera%20Calderita%20oxtankah%20S%2FN%20entre%20la%20calera%20y%20la%20zona%20arqueol%C3%B3gica%20%2C%20Calderitas%2C%20Mexico&#038;t=m&#038;z=16&#038;output=embed&#038;iwloc=near\"\n\t\t\t\t\ttitle=\"Carretera Calderita oxtankah S\/N entre la calera y la zona arqueol\u00f3gica , Calderitas, Mexico\"\n\t\t\t\t\taria-label=\"Carretera Calderita oxtankah S\/N entre la calera y la zona arqueol\u00f3gica , Calderitas, Mexico\"\n\t\t\t><\/iframe>\n\t\t<\/div>\n\t\t\t\t\t\t<\/div>\n\t\t\t\t<\/div>\n\t\t\t\t\t<\/div>\n\t\t<\/div>\n\t\t\t\t\t<\/div>\n\t\t<\/section>\n\t\t\t\t<\/div>\n\t\t","protected":false},"excerpt":{"rendered":"<p>https:\/\/villadeleyvacalderitas.com\/wp-content\/uploads\/2023\/09\/Video-Corporativo-Villa-de-Leyva-Calderitas.mp4 SERVICIOS Instalaciones Con un amplio jard\u00edn frente al mar. Adem\u00e1s, palapa, ba\u00f1os, piscina y estacionamiento. Los servicios incluidos son: Limpieza, fumigaci\u00f3n e insumos para ba\u00f1os. Eventos Corporativos Nuestros amplios espacios nos permiten albergar a m\u00e1s de 200 personas y con amplio horario de funcionamiento. \u00a0 Mobiliario Contamos con mesas de madera para 10 personas, &hellip;<\/p>\n<p class=\"read-more\"> <a class=\"\" href=\"https:\/\/villadeleyvacalderitas.com\/en\/\"> <span class=\"screen-reader-text\">Home<\/span> Read More &raquo;<\/a><\/p>","protected":false},"author":1,"featured_media":0,"parent":0,"menu_order":0,"comment_status":"closed","ping_status":"closed","template":"","meta":{"_uag_custom_page_level_css":"","site-sidebar-layout":"no-sidebar","site-content-layout":"page-builder","ast-site-content-layout":"full-width-container","site-content-style":"unboxed","site-sidebar-style":"unboxed","ast-global-header-display":"","ast-banner-title-visibility":"","ast-main-header-display":"","ast-hfb-above-header-display":"","ast-hfb-below-header-display":"","ast-hfb-mobile-header-display":"","site-post-title":"disabled","ast-breadcrumbs-content":"","ast-featured-img":"disabled","footer-sml-layout":"","theme-transparent-header-meta":"enabled","adv-header-id-meta":"","stick-header-meta":"","header-above-stick-meta":"","header-main-stick-meta":"","header-below-stick-meta":"","astra-migrate-meta-layouts":"set","footnotes":""},"class_list":["post-11","page","type-page","status-publish","hentry"],"uagb_featured_image_src":{"full":false,"thumbnail":false,"medium":false,"medium_large":false,"large":false,"1536x1536":false,"2048x2048":false,"trp-custom-language-flag":false},"uagb_author_info":{"display_name":"Villadeleyva2023","author_link":"https:\/\/villadeleyvacalderitas.com\/en\/author\/villadeleyva2023\/"},"uagb_comment_info":0,"uagb_excerpt":"https:\/\/villadeleyvacalderitas.com\/wp-content\/uploads\/2023\/09\/Video-Corporativo-Villa-de-Leyva-Calderitas.mp4 SERVICIOS Instalaciones Con un amplio jard\u00edn frente al mar. Adem\u00e1s, palapa, ba\u00f1os, piscina y estacionamiento. Los servicios incluidos son: Limpieza, fumigaci\u00f3n e insumos para ba\u00f1os. Eventos Corporativos Nuestros amplios espacios nos permiten albergar a m\u00e1s de 200 personas y con amplio horario de funcionamiento. \u00a0 Mobiliario Contamos con mesas de madera para 10 personas,&hellip;","_links":{"self":[{"href":"https:\/\/villadeleyvacalderitas.com\/en\/wp-json\/wp\/v2\/pages\/11","targetHints":{"allow":["GET"]}}],"collection":[{"href":"https:\/\/villadeleyvacalderitas.com\/en\/wp-json\/wp\/v2\/pages"}],"about":[{"href":"https:\/\/villadeleyvacalderitas.com\/en\/wp-json\/wp\/v2\/types\/page"}],"author":[{"embeddable":true,"href":"https:\/\/villadeleyvacalderitas.com\/en\/wp-json\/wp\/v2\/users\/1"}],"replies":[{"embeddable":true,"href":"https:\/\/villadeleyvacalderitas.com\/en\/wp-json\/wp\/v2\/comments?post=11"}],"version-history":[{"count":845,"href":"https:\/\/villadeleyvacalderitas.com\/en\/wp-json\/wp\/v2\/pages\/11\/revisions"}],"predecessor-version":[{"id":1597,"href":"https:\/\/villadeleyvacalderitas.com\/en\/wp-json\/wp\/v2\/pages\/11\/revisions\/1597"}],"wp:attachment":[{"href":"https:\/\/villadeleyvacalderitas.com\/en\/wp-json\/wp\/v2\/media?parent=11"}],"curies":[{"name":"wp","href":"https:\/\/api.w.org\/{rel}","templated":true}]}}